{"id":9,"date":"2018-12-16T16:47:16","date_gmt":"2018-12-16T15:47:16","guid":{"rendered":"http:\/\/association-recherche-enfance-adolescence.org\/?page_id=9"},"modified":"2024-04-01T15:58:22","modified_gmt":"2024-04-01T13:58:22","slug":"nrea","status":"publish","type":"page","link":"https:\/\/association-recherche-enfance-adolescence.org\/index.php\/nrea\/","title":{"rendered":"Revue NREA"},"content":{"rendered":"\n[et_pb_section fb_built=\u00a0\u00bb1&Prime; admin_label=\u00a0\u00bbHero Section\u00a0\u00bb _builder_version=\u00a0\u00bb4.16&Prime; use_background_color_gradient=\u00a0\u00bbon\u00a0\u00bb background_color_gradient_direction=\u00a0\u00bb100deg\u00a0\u00bb background_color_gradient_stops=\u00a0\u00bb#6b73ff 0%|#000dff 100%\u00a0\u00bb background_color_gradient_start=\u00a0\u00bb#6b73ff\u00a0\u00bb background_color_gradient_end=\u00a0\u00bb#000dff\u00a0\u00bb background_image=\u00a0\u00bbhttps:\/\/association-recherche-enfance-adolescence.org\/wp-content\/uploads\/2018\/12\/section-bg-hero2.png\u00a0\u00bb width=\u00a0\u00bb100%\u00a0\u00bb custom_padding=\u00a0\u00bb8.6%||0%|||\u00a0\u00bb global_colors_info=\u00a0\u00bb{}\u00a0\u00bb][et_pb_row admin_label=\u00a0\u00bbHero Area\u00a0\u00bb module_class=\u00a0\u00bb et_pb_row_fullwidth\u00a0\u00bb _builder_version=\u00a0\u00bb4.24.0&Prime; background_size=\u00a0\u00bbinitial\u00a0\u00bb background_position=\u00a0\u00bbtop_left\u00a0\u00bb background_repeat=\u00a0\u00bbrepeat\u00a0\u00bb width=\u00a0\u00bb94%\u00a0\u00bb width_tablet=\u00a0\u00bb80%\u00a0\u00bb width_phone=\u00a0\u00bb80%\u00a0\u00bb width_last_edited=\u00a0\u00bbon|desktop\u00a0\u00bb max_width=\u00a0\u00bb94%\u00a0\u00bb max_width_tablet=\u00a0\u00bb80%\u00a0\u00bb max_width_phone=\u00a0\u00bb80%\u00a0\u00bb max_width_last_edited=\u00a0\u00bbon|desktop\u00a0\u00bb custom_margin=\u00a0\u00bbauto|auto|auto|auto|false|false\u00a0\u00bb custom_padding=\u00a0\u00bb|0||0px|false|false\u00a0\u00bb make_fullwidth=\u00a0\u00bbon\u00a0\u00bb global_colors_info=\u00a0\u00bb{}\u00a0\u00bb][et_pb_column type=\u00a0\u00bb4_4&Prime; _builder_version=\u00a0\u00bb4.16&Prime; custom_padding=\u00a0\u00bb80px||80px|\u00a0\u00bb global_colors_info=\u00a0\u00bb{}\u00a0\u00bb custom_padding__hover=\u00a0\u00bb|||\u00a0\u00bb][et_pb_image src=\u00a0\u00bbhttps:\/\/association-recherche-enfance-adolescence.org\/wp-content\/uploads\/2022\/03\/logo-area-.png\u00a0\u00bb title_text=\u00a0\u00bblogo area\u00a0\u00bb align=\u00a0\u00bbcenter\u00a0\u00bb _builder_version=\u00a0\u00bb4.18.0&Prime; _module_preset=\u00a0\u00bbdefault\u00a0\u00bb width=\u00a0\u00bb60%\u00a0\u00bb max_width=\u00a0\u00bb57%\u00a0\u00bb min_height=\u00a0\u00bb199px\u00a0\u00bb height=\u00a0\u00bb113px\u00a0\u00bb max_height=\u00a0\u00bb625px\u00a0\u00bb custom_margin=\u00a0\u00bb||35px|||\u00a0\u00bb global_colors_info=\u00a0\u00bb{}\u00a0\u00bb][\/et_pb_image][et_pb_cta title=\u00a0\u00bbNouvelle revue de l&rsquo;enfance et de l&rsquo;adolescence\u00a0\u00bb button_url=\u00a0\u00bb#\u00a0\u00bb title_last_edited=\u00a0\u00bboff|phone\u00a0\u00bb admin_label=\u00a0\u00bbHero Text\u00a0\u00bb _builder_version=\u00a0\u00bb4.24.0&Prime; header_level=\u00a0\u00bbh1&Prime; header_font=\u00a0\u00bbPoppins|600|||||||\u00a0\u00bb header_font_size=\u00a0\u00bb37px\u00a0\u00bb header_line_height=\u00a0\u00bb1.4em\u00a0\u00bb body_font=\u00a0\u00bbPoppins||||||||\u00a0\u00bb body_font_size=\u00a0\u00bb11px\u00a0\u00bb body_line_height=\u00a0\u00bb1.8em\u00a0\u00bb use_background_color=\u00a0\u00bboff\u00a0\u00bb custom_button=\u00a0\u00bbon\u00a0\u00bb button_text_size=\u00a0\u00bb14px\u00a0\u00bb button_text_color=\u00a0\u00bb#2a2a2a\u00a0\u00bb button_bg_color=\u00a0\u00bb#ffffff\u00a0\u00bb button_border_width=\u00a0\u00bb12px\u00a0\u00bb button_border_color=\u00a0\u00bb#ffffff\u00a0\u00bb button_letter_spacing=\u00a0\u00bb2px\u00a0\u00bb button_font=\u00a0\u00bbPoppins|600||on|||||\u00a0\u00bb button_icon=\u00a0\u00bb&#x24;||divi||400&Prime; custom_padding=\u00a0\u00bb0px|||||\u00a0\u00bb animation_style=\u00a0\u00bbfade\u00a0\u00bb global_colors_info=\u00a0\u00bb{}\u00a0\u00bb button_text_size__hover_enabled=\u00a0\u00bboff\u00a0\u00bb button_one_text_size__hover_enabled=\u00a0\u00bboff\u00a0\u00bb button_two_text_size__hover_enabled=\u00a0\u00bboff\u00a0\u00bb button_text_color__hover_enabled=\u00a0\u00bboff\u00a0\u00bb button_one_text_color__hover_enabled=\u00a0\u00bboff\u00a0\u00bb button_two_text_color__hover_enabled=\u00a0\u00bboff\u00a0\u00bb button_border_width__hover_enabled=\u00a0\u00bboff\u00a0\u00bb button_one_border_width__hover_enabled=\u00a0\u00bboff\u00a0\u00bb button_two_border_width__hover_enabled=\u00a0\u00bboff\u00a0\u00bb button_border_color__hover_enabled=\u00a0\u00bboff\u00a0\u00bb button_one_border_color__hover_enabled=\u00a0\u00bboff\u00a0\u00bb button_two_border_color__hover_enabled=\u00a0\u00bboff\u00a0\u00bb button_border_radius__hover_enabled=\u00a0\u00bboff\u00a0\u00bb button_one_border_radius__hover_enabled=\u00a0\u00bboff\u00a0\u00bb button_two_border_radius__hover_enabled=\u00a0\u00bboff\u00a0\u00bb button_letter_spacing__hover_enabled=\u00a0\u00bboff\u00a0\u00bb button_one_letter_spacing__hover_enabled=\u00a0\u00bboff\u00a0\u00bb button_two_letter_spacing__hover_enabled=\u00a0\u00bboff\u00a0\u00bb button_bg_color__hover_enabled=\u00a0\u00bboff\u00a0\u00bb button_one_bg_color__hover_enabled=\u00a0\u00bboff\u00a0\u00bb button_two_bg_color__hover_enabled=\u00a0\u00bboff\u00a0\u00bb]<p>&nbsp;<\/p>\n<p>&nbsp;<\/p>[\/et_pb_cta][\/et_pb_column][\/et_pb_row][\/et_pb_section][et_pb_section fb_built=\u00a0\u00bb1&Prime; _builder_version=\u00a0\u00bb4.24.0&Prime; _module_preset=\u00a0\u00bbdefault\u00a0\u00bb global_colors_info=\u00a0\u00bb{}\u00a0\u00bb][et_pb_row _builder_version=\u00a0\u00bb4.24.0&Prime; _module_preset=\u00a0\u00bbdefault\u00a0\u00bb global_colors_info=\u00a0\u00bb{}\u00a0\u00bb][et_pb_column type=\u00a0\u00bb4_4&Prime; _builder_version=\u00a0\u00bb4.24.0&Prime; _module_preset=\u00a0\u00bbdefault\u00a0\u00bb global_colors_info=\u00a0\u00bb{}\u00a0\u00bb][et_pb_image src=\u00a0\u00bbhttps:\/\/association-recherche-enfance-adolescence.org\/wp-content\/uploads\/2024\/03\/Image-16-03-2023-a-12.40-scaled.jpg\u00a0\u00bb title_text=\u00a0\u00bbImage 16-03-2023 \u00e0 12.40&Prime; _builder_version=\u00a0\u00bb4.24.0&Prime; _module_preset=\u00a0\u00bbdefault\u00a0\u00bb global_colors_info=\u00a0\u00bb{}\u00a0\u00bb][\/et_pb_image][\/et_pb_column][\/et_pb_row][\/et_pb_section][et_pb_section fb_built=\u00a0\u00bb1&Prime; _builder_version=\u00a0\u00bb4.24.0&Prime; _module_preset=\u00a0\u00bbdefault\u00a0\u00bb global_colors_info=\u00a0\u00bb{}\u00a0\u00bb][et_pb_row _builder_version=\u00a0\u00bb4.24.0&Prime; _module_preset=\u00a0\u00bbdefault\u00a0\u00bb custom_margin=\u00a0\u00bbauto||auto||false|false\u00a0\u00bb custom_padding=\u00a0\u00bb||||false|false\u00a0\u00bb global_colors_info=\u00a0\u00bb{}\u00a0\u00bb][et_pb_column type=\u00a0\u00bb4_4&Prime; _builder_version=\u00a0\u00bb4.24.0&Prime; _module_preset=\u00a0\u00bbdefault\u00a0\u00bb global_colors_info=\u00a0\u00bb{}\u00a0\u00bb][et_pb_text _builder_version=\u00a0\u00bb4.24.0&Prime; _module_preset=\u00a0\u00bbdefault\u00a0\u00bb text_font_size=\u00a0\u00bb23px\u00a0\u00bb text_line_height=\u00a0\u00bb1em\u00a0\u00bb header_text_align=\u00a0\u00bbcenter\u00a0\u00bb header_font_size=\u00a0\u00bb31px\u00a0\u00bb custom_padding=\u00a0\u00bb||0px|6px|false|false\u00a0\u00bb global_colors_info=\u00a0\u00bb{}\u00a0\u00bb]<p style=\"text-align: center;\"><span style=\"font-size: xx-large;\"><strong>\u00a0Projet \u00e9ditorial de<\/strong><\/span><\/p>\n<p style=\"text-align: center;\"><span style=\"font-size: xx-large;\"><strong>la Nouvelle Revue<\/strong><\/span><\/p>\n<p style=\"text-align: center;\"><span style=\"font-size: xx-large;\"><strong>de l\u2019enfance et de l\u2019adolescence<\/strong><\/span><\/p>\n<ul>\n<li><span style=\"font-size: large;\">Questionner la place faite \u00e0 l\u2019enfant et \u00e0 l\u2019adolescent dans le social et ses r\u00e9percussions aupr\u00e8s des jeunes et des familles ainsi que sur les paradigmes d\u2019intervention des professionnels des secteurs de l\u2019\u00e9ducation, de la pr\u00e9vention et de la protection de l\u2019enfance et du soin. Ce questionnement part d\u2019une approche psychanalytique sans exclusive et ouverte aux \u00e9clairages philosophiques, anthropologiques, juridiques, sociologiques \u00e9ducatifs, p\u00e9dagogiques, artistiques,\u2026<\/span><\/li>\n<li><span style=\"font-size: large;\">Soutenir ces professionnels aux prises avec les difficult\u00e9s des jeunes dans un contexte o\u00f9 les rep\u00e8res de travail sont remis en question (\u00e9valuation, normes, restrictions, judiciarisation) en leur apportant des \u00e9l\u00e9ments de r\u00e9flexion pour analyser ces changements, des pistes de travail pour montrer qu\u2019une cr\u00e9ativit\u00e9 professionnelle est possible.<\/span><\/li>\n<li><span style=\"font-size: large;\">Maintenir une interrogation sur les conditions institutionnelles et les dispositifs \u00e0 mettre en place pour que les enfants, les jeunes et les familles soient pris en compte comme interlocuteurs possibles.<\/span><\/li>\n<li><span style=\"font-size: large;\">Analyser et diffuser les exp\u00e9rimentations int\u00e9ressantes en institution et hors institution dont certaines sont conduites par des artistes. R\u00e9fl\u00e9chir sur les effets des dispositifs et des jeux dedans-dehors concernant les institutions.<\/span><\/li>\n<\/ul>\n<p><em><strong>La revue \u00a0comporte :<\/strong><\/em><\/p>\n<ul>\n<li><span style=\"font-size: large;\">Un dossier avec des articles conformes aux exigences universitaires<\/span><\/li>\n<li><span style=\"font-size: large;\">Des t\u00e9moignages de cr\u00e9ativit\u00e9 professionnelle dans les secteurs de l\u2019\u00e9ducation et du soin (comment trouver\/cr\u00e9er des dispositifs et des formes de travail pour accueillir et \u00e9laborer les troubles), t\u00e9moignages venant des professionnels comme des jeunes et des familles.<\/span><\/li>\n<li><span style=\"font-size: large;\">Une rubrique internationale.<\/span><\/li>\n<li><span style=\"font-size: large;\">Une rubrique compte rendu de livres, de films.<\/span><\/li>\n<li><span style=\"font-size: large;\">Des varia<\/span><\/li>\n<\/ul>\n<p><em><strong>Propositions concernant le public et les objectifs de la revue<\/strong><\/em><\/p>\n<p><span style=\"font-size: large;\">Le lectorat est avant tout constitu\u00e9 de professionnels de la petite enfance, de l\u2019enfance et de l\u2019adolescence des secteurs de la pr\u00e9vention et de la protection de l\u2019enfance, de l\u2019\u00e9ducation et du soin.<\/span><\/p>\n<p><span style=\"font-size: large;\">Les formateurs intervenants aupr\u00e8s d\u2019\u00e9ducateurs sp\u00e9cialis\u00e9s, d\u2019assistantes sociales ou d\u2019\u00e9ducateurs de jeunes enfants ont de longue date eu recours aux articles de la revue qu\u2019ils consid\u00e8rent comme des supports utiles et bien adapt\u00e9s.<\/span><\/p>\n<p><span style=\"font-size: large;\">Ce lectorat peut se diversifier et s\u2019ouvrir aux enseignants, aux porteurs de projets culturels et de cr\u00e9ation.<\/span><\/p>\n<p><span style=\"font-size: large;\">Il s\u2019agira de privil\u00e9gier des articles courts entre 6 et 8 pages qui soient \u00e9crits de mani\u00e8re accessible mais rigoureuse et n\u2019excluent pas une dimension de critique des pratiques et des mod\u00e8les d\u2019intervention dominants.<\/span><\/p>\n<p><span style=\"font-size: large;\">Les dossiers pourraient comporter des articles au format de 10 \u00e0 15 pages plus conformes aux normes universitaires pour permettre un expos\u00e9 plus argument\u00e9 d\u2019un \u00e9tat de la question au besoin une critique \u00e9labor\u00e9e. La r\u00e9daction doit rester suffisamment claire pour \u00eatre abordable et utilisable comme source de r\u00e9flexion dans un travail de m\u00e9moire par exemple.<\/span><\/p>\n<p><span style=\"font-size: large;\">L\u2018objectif est d\u2019obtenir la reconnaissance comme revue \u00e0 caract\u00e8re scientifique avec un dossier remplissant les crit\u00e8res n\u00e9cessaires et des varia permettant d\u2019int\u00e9grer une ouverture \u00e0 des contributions plus accessibles \u00e0 professionnels de terrain .<\/span><\/p>\n<p><span style=\"font-size: large;\"><em><strong>Le gabarit de la revue se situe autour de 180 \u00e0 200 pages.<\/strong><\/em><\/span><\/p>\n<p><span style=\"font-size: large;\"><em><strong>La p\u00e9riodicit\u00e9 est de deux num\u00e9ros par an.<\/strong><\/em><\/span><\/p>[\/et_pb_text][\/et_pb_column][\/et_pb_row][et_pb_row column_structure=\u00a0\u00bb1_2,1_2&Prime; _builder_version=\u00a0\u00bb4.24.0&Prime; _module_preset=\u00a0\u00bbdefault\u00a0\u00bb global_colors_info=\u00a0\u00bb{}\u00a0\u00bb][et_pb_column type=\u00a0\u00bb1_2&Prime; _builder_version=\u00a0\u00bb4.24.0&Prime; _module_preset=\u00a0\u00bbdefault\u00a0\u00bb global_colors_info=\u00a0\u00bb{}\u00a0\u00bb][et_pb_text _builder_version=\u00a0\u00bb4.24.0&Prime; _module_preset=\u00a0\u00bbdefault\u00a0\u00bb text_font_size=\u00a0\u00bb18px\u00a0\u00bb text_line_height=\u00a0\u00bb0.7em\u00a0\u00bb custom_padding=\u00a0\u00bb|||4px|false|false\u00a0\u00bb global_colors_info=\u00a0\u00bb{}\u00a0\u00bb]<p style=\"font-weight: 400;\"><strong>Directeur de la publication<\/strong><\/p>\n<p style=\"font-weight: 400;\">Aziz Essadek<\/p>\n<p style=\"font-weight: 400;\"><strong>R\u00e9dactrice en chef<\/strong><\/p>\n<p style=\"font-weight: 400;\">Emmanuelle Granier<\/p>\n<p style=\"font-weight: 400;\"><strong><\/strong><\/p>\n<p style=\"font-weight: 400;\"><strong>Comit\u00e9 de r\u00e9daction<\/strong><\/p>\n<p style=\"font-weight: 400;\">Vincent Le Corre<\/p>\n<p style=\"font-weight: 400;\">Ang\u00e9lique Gozlan<\/p>\n<p style=\"font-weight: 400;\">S\u00e9gol\u00e8ne Payan<\/p>\n<p style=\"font-weight: 400;\">Philippe P\u00e9try<\/p>\n<p style=\"font-weight: 400;\">Arnaud Sylla<\/p>\n<p style=\"font-weight: 400;\">Fr\u00e9d\u00e9ric Widart<\/p>\n<p style=\"font-weight: 400;\"><strong><\/strong><\/p>\n<p style=\"font-weight: 400;\"><strong>Comit\u00e9 de lecture<\/strong><\/p>\n<p style=\"font-weight: 400;\">Myrien Auger<\/p>\n<p style=\"font-weight: 400;\">Judith Ayosso<\/p>\n<p style=\"font-weight: 400;\">Pascale Baligand<\/p>\n<p style=\"font-weight: 400;\">Benjamin Bonassi<\/p>\n<p style=\"font-weight: 400;\">Mathieu Crespin<\/p>\n<p style=\"font-weight: 400;\">Philippe Fabry<\/p>\n<p style=\"font-weight: 400;\">Graziella Gilormini<\/p>\n<p style=\"font-weight: 400;\">Marion Haza<\/p>\n<p style=\"font-weight: 400;\">Caroline Kamdoum<\/p>\n<p style=\"font-weight: 400;\">Yann Leroux<\/p>\n<p style=\"font-weight: 400;\">Xavier Malisoux<\/p>\n<p style=\"font-weight: 400;\">St\u00e9pane Muths<\/p>\n<p style=\"font-weight: 400;\">Anne Perret<\/p>\n<p style=\"font-weight: 400;\">B\u00e9rang\u00e8re Rousselot-Paillet<\/p>\n<p style=\"font-weight: 400;\">Oph\u00e9lie Th\u00e9odon<\/p>\n<p style=\"font-weight: 400;\">M\u00e9lanie Vijayaratnam<\/p>\n<p style=\"font-weight: 400;\"><strong>\u00a0<\/strong><\/p>\n<p style=\"font-weight: 400;\"><strong>R\u00e9daction<\/strong>\u00a0:<\/p>\n<p style=\"font-weight: 400;\">AREA, 12\u00a0Villa Henry<\/p>\n<p style=\"font-weight: 400;\">93230 Romainville<\/p>\n<p style=\"font-weight: 400;\">T\u00e9l.\u00a0: 06\u00a063\u00a074\u00a023\u00a083<\/p>\n<p style=\"font-weight: 400;\">Email\u00a0: <a href=\"mailto:arearevue@orange.fr\">arearevue@orange.fr<\/a><\/p>[\/et_pb_text][\/et_pb_column][et_pb_column type=\u00a0\u00bb1_2&Prime; _builder_version=\u00a0\u00bb4.24.0&Prime; _module_preset=\u00a0\u00bbdefault\u00a0\u00bb global_colors_info=\u00a0\u00bb{}\u00a0\u00bb][et_pb_text _builder_version=\u00a0\u00bb4.24.0&Prime; _module_preset=\u00a0\u00bbdefault\u00a0\u00bb text_font_size=\u00a0\u00bb18px\u00a0\u00bb text_line_height=\u00a0\u00bb1.6em\u00a0\u00bb custom_padding=\u00a0\u00bb|||4px|false|false\u00a0\u00bb global_colors_info=\u00a0\u00bb{}\u00a0\u00bb]<p style=\"font-weight: 400;\"><strong>Comit\u00e9 scientifique<\/strong><\/p>\n<p style=\"font-weight: 400;\"><strong>Maurice Corcos<\/strong><\/p>\n<p style=\"font-weight: 400;\">Professeur de psychiatrie de l\u2019enfance et de l\u2019adolescence Universit\u00e9 Paris\u00a05 Ren\u00e9 Descartes, PUPH chef de service de psychiatrie de l\u2019adolescent et du jeune adulte de l\u2019Institut Mutualiste Montsouris, Paris<\/p>\n<p style=\"font-weight: 400;\"><strong>Bruno Falissard<\/strong><\/p>\n<p style=\"font-weight: 400;\">P\u00e9dopsychiatre et biostatisticien, Professeur de sant\u00e9 publique, Facult\u00e9 de m\u00e9decine de l\u2019Universit\u00e9 Paris XI, directeur de l\u2019unit\u00e9 INSERM\u00a01178, Maison de Solenn<\/p>\n<p style=\"font-weight: 400;\"><strong>Daisuke Fukuda<\/strong><\/p>\n<p style=\"font-weight: 400;\">Associate Professor, School of cultural and creative studies. Aoyama Gakuin University, Tokyo, Japan<\/p>\n<p style=\"font-weight: 400;\"><strong>Kapoun\u00e9 Karfo<\/strong><\/p>\n<p style=\"font-weight: 400;\">Professeur de psychiatrie, Universit\u00e9 Ouaga I, Ouagadougou, Burkina Faso<\/p>\n<p style=\"font-weight: 400;\"><strong>Zhengjie Luo<\/strong><\/p>\n<p style=\"font-weight: 400;\">Docteure en psychologie et chercheuse en psychologie. Hopital Lhui Long Guan, P\u00e9kin, Chine.<\/p>\n<p style=\"font-weight: 400;\"><strong>Sophie de\u00a0Mijolla-Mellor<\/strong><\/p>\n<p style=\"font-weight: 400;\">Professeure \u00e9m\u00e9rite Universit\u00e9 Paris\u00a07<\/p>\n<p style=\"font-weight: 400;\"><strong>Marie-Rose Moro<\/strong><\/p>\n<p style=\"font-weight: 400;\">Professeure de psychiatrie de l\u2019enfant et de l\u2019adolescent, Universit\u00e9 Paris\u00a05 Ren\u00e9 Descartes<\/p>\n<p style=\"font-weight: 400;\"><strong>Chunqiang Yang<\/strong><\/p>\n<p style=\"font-weight: 400;\">Ma\u00eetre de conf\u00e9rences en psychologie, Universit\u00e9 Minzu, P\u00e9kin, Chine<\/p>[\/et_pb_text][\/et_pb_column][\/et_pb_row][\/et_pb_section][et_pb_section fb_built=\u00a0\u00bb1&Prime; _builder_version=\u00a0\u00bb4.24.0&Prime; _module_preset=\u00a0\u00bbdefault\u00a0\u00bb global_colors_info=\u00a0\u00bb{}\u00a0\u00bb][et_pb_row column_structure=\u00a0\u00bb1_3,1_3,1_3&Prime; _builder_version=\u00a0\u00bb4.24.0&Prime; _module_preset=\u00a0\u00bbdefault\u00a0\u00bb global_colors_info=\u00a0\u00bb{}\u00a0\u00bb][et_pb_column type=\u00a0\u00bb1_3&Prime; _builder_version=\u00a0\u00bb4.24.0&Prime; _module_preset=\u00a0\u00bbdefault\u00a0\u00bb global_colors_info=\u00a0\u00bb{}\u00a0\u00bb][et_pb_image src=\u00a0\u00bbhttps:\/\/association-recherche-enfance-adolescence.org\/wp-content\/uploads\/2024\/04\/NREA1.png\u00a0\u00bb title_text=\u00a0\u00bbNREA1&Prime; _builder_version=\u00a0\u00bb4.24.0&Prime; _module_preset=\u00a0\u00bbdefault\u00a0\u00bb global_colors_info=\u00a0\u00bb{}\u00a0\u00bb][\/et_pb_image][\/et_pb_column][et_pb_column type=\u00a0\u00bb1_3&Prime; _builder_version=\u00a0\u00bb4.24.0&Prime; _module_preset=\u00a0\u00bbdefault\u00a0\u00bb global_colors_info=\u00a0\u00bb{}\u00a0\u00bb][et_pb_image src=\u00a0\u00bbhttps:\/\/association-recherche-enfance-adolescence.org\/wp-content\/uploads\/2024\/04\/NREA-2.png\u00a0\u00bb title_text=\u00a0\u00bbNREA 2&Prime; _builder_version=\u00a0\u00bb4.24.0&Prime; _module_preset=\u00a0\u00bbdefault\u00a0\u00bb global_colors_info=\u00a0\u00bb{}\u00a0\u00bb][\/et_pb_image][\/et_pb_column][et_pb_column type=\u00a0\u00bb1_3&Prime; _builder_version=\u00a0\u00bb4.24.0&Prime; _module_preset=\u00a0\u00bbdefault\u00a0\u00bb global_colors_info=\u00a0\u00bb{}\u00a0\u00bb][et_pb_image src=\u00a0\u00bbhttps:\/\/association-recherche-enfance-adolescence.org\/wp-content\/uploads\/2024\/04\/NREA3.png\u00a0\u00bb title_text=\u00a0\u00bbNREA3&Prime; _builder_version=\u00a0\u00bb4.24.0&Prime; _module_preset=\u00a0\u00bbdefault\u00a0\u00bb global_colors_info=\u00a0\u00bb{}\u00a0\u00bb][\/et_pb_image][\/et_pb_column][\/et_pb_row][et_pb_row column_structure=\u00a0\u00bb1_3,1_3,1_3&Prime; _builder_version=\u00a0\u00bb4.24.0&Prime; _module_preset=\u00a0\u00bbdefault\u00a0\u00bb global_colors_info=\u00a0\u00bb{}\u00a0\u00bb][et_pb_column type=\u00a0\u00bb1_3&Prime; _builder_version=\u00a0\u00bb4.24.0&Prime; _module_preset=\u00a0\u00bbdefault\u00a0\u00bb global_colors_info=\u00a0\u00bb{}\u00a0\u00bb][et_pb_image src=\u00a0\u00bbhttps:\/\/association-recherche-enfance-adolescence.org\/wp-content\/uploads\/2024\/04\/NREA4.png\u00a0\u00bb title_text=\u00a0\u00bbNREA4&Prime; _builder_version=\u00a0\u00bb4.24.0&Prime; _module_preset=\u00a0\u00bbdefault\u00a0\u00bb global_colors_info=\u00a0\u00bb{}\u00a0\u00bb][\/et_pb_image][\/et_pb_column][et_pb_column type=\u00a0\u00bb1_3&Prime; _builder_version=\u00a0\u00bb4.24.0&Prime; _module_preset=\u00a0\u00bbdefault\u00a0\u00bb global_colors_info=\u00a0\u00bb{}\u00a0\u00bb][et_pb_image src=\u00a0\u00bbhttps:\/\/association-recherche-enfance-adolescence.org\/wp-content\/uploads\/2024\/04\/NREA5.png\u00a0\u00bb title_text=\u00a0\u00bbNREA5&Prime; _builder_version=\u00a0\u00bb4.24.0&Prime; _module_preset=\u00a0\u00bbdefault\u00a0\u00bb global_colors_info=\u00a0\u00bb{}\u00a0\u00bb][\/et_pb_image][\/et_pb_column][et_pb_column type=\u00a0\u00bb1_3&Prime; _builder_version=\u00a0\u00bb4.24.0&Prime; _module_preset=\u00a0\u00bbdefault\u00a0\u00bb global_colors_info=\u00a0\u00bb{}\u00a0\u00bb][et_pb_image src=\u00a0\u00bbhttps:\/\/association-recherche-enfance-adolescence.org\/wp-content\/uploads\/2024\/04\/NREA6.png\u00a0\u00bb title_text=\u00a0\u00bbNREA6&Prime; _builder_version=\u00a0\u00bb4.24.0&Prime; _module_preset=\u00a0\u00bbdefault\u00a0\u00bb global_colors_info=\u00a0\u00bb{}\u00a0\u00bb][\/et_pb_image][\/et_pb_column][\/et_pb_row][et_pb_row column_structure=\u00a0\u00bb1_3,1_3,1_3&Prime; _builder_version=\u00a0\u00bb4.24.0&Prime; _module_preset=\u00a0\u00bbdefault\u00a0\u00bb global_colors_info=\u00a0\u00bb{}\u00a0\u00bb][et_pb_column type=\u00a0\u00bb1_3&Prime; _builder_version=\u00a0\u00bb4.24.0&Prime; _module_preset=\u00a0\u00bbdefault\u00a0\u00bb global_colors_info=\u00a0\u00bb{}\u00a0\u00bb][et_pb_image src=\u00a0\u00bbhttps:\/\/association-recherche-enfance-adolescence.org\/wp-content\/uploads\/2024\/04\/NREA7.png\u00a0\u00bb title_text=\u00a0\u00bbNREA7&Prime; _builder_version=\u00a0\u00bb4.24.0&Prime; _module_preset=\u00a0\u00bbdefault\u00a0\u00bb global_colors_info=\u00a0\u00bb{}\u00a0\u00bb][\/et_pb_image][\/et_pb_column][et_pb_column type=\u00a0\u00bb1_3&Prime; _builder_version=\u00a0\u00bb4.24.0&Prime; _module_preset=\u00a0\u00bbdefault\u00a0\u00bb global_colors_info=\u00a0\u00bb{}\u00a0\u00bb][et_pb_image src=\u00a0\u00bbhttps:\/\/association-recherche-enfance-adolescence.org\/wp-content\/uploads\/2024\/04\/NREA8.png\u00a0\u00bb title_text=\u00a0\u00bbNREA8&Prime; _builder_version=\u00a0\u00bb4.24.0&Prime; _module_preset=\u00a0\u00bbdefault\u00a0\u00bb global_colors_info=\u00a0\u00bb{}\u00a0\u00bb][\/et_pb_image][\/et_pb_column][et_pb_column type=\u00a0\u00bb1_3&Prime; _builder_version=\u00a0\u00bb4.24.0&Prime; _module_preset=\u00a0\u00bbdefault\u00a0\u00bb global_colors_info=\u00a0\u00bb{}\u00a0\u00bb][et_pb_image src=\u00a0\u00bbhttps:\/\/association-recherche-enfance-adolescence.org\/wp-content\/uploads\/2023\/12\/NREA-genre.png\u00a0\u00bb title_text=\u00a0\u00bbNREA genre\u00a0\u00bb _builder_version=\u00a0\u00bb4.24.0&Prime; _module_preset=\u00a0\u00bbdefault\u00a0\u00bb global_colors_info=\u00a0\u00bb{}\u00a0\u00bb][\/et_pb_image][\/et_pb_column][\/et_pb_row][et_pb_row column_structure=\u00a0\u00bb1_3,1_3,1_3&Prime; _builder_version=\u00a0\u00bb4.24.0&Prime; _module_preset=\u00a0\u00bbdefault\u00a0\u00bb global_colors_info=\u00a0\u00bb{}\u00a0\u00bb][et_pb_column type=\u00a0\u00bb1_3&Prime; _builder_version=\u00a0\u00bb4.24.0&Prime; _module_preset=\u00a0\u00bbdefault\u00a0\u00bb global_colors_info=\u00a0\u00bb{}\u00a0\u00bb][et_pb_image src=\u00a0\u00bbhttps:\/\/association-recherche-enfance-adolescence.org\/wp-content\/uploads\/2024\/04\/NREA-HS1.png\u00a0\u00bb title_text=\u00a0\u00bbNREA HS1&Prime; _builder_version=\u00a0\u00bb4.24.0&Prime; _module_preset=\u00a0\u00bbdefault\u00a0\u00bb global_colors_info=\u00a0\u00bb{}\u00a0\u00bb][\/et_pb_image][\/et_pb_column][et_pb_column type=\u00a0\u00bb1_3&Prime; _builder_version=\u00a0\u00bb4.24.0&Prime; _module_preset=\u00a0\u00bbdefault\u00a0\u00bb global_colors_info=\u00a0\u00bb{}\u00a0\u00bb][\/et_pb_column][et_pb_column type=\u00a0\u00bb1_3&Prime; _builder_version=\u00a0\u00bb4.24.0&Prime; _module_preset=\u00a0\u00bbdefault\u00a0\u00bb global_colors_info=\u00a0\u00bb{}\u00a0\u00bb][et_pb_image src=\u00a0\u00bbhttps:\/\/association-recherche-enfance-adolescence.org\/wp-content\/uploads\/2024\/04\/NREA-HS2.png\u00a0\u00bb title_text=\u00a0\u00bbNREA HS2&Prime; _builder_version=\u00a0\u00bb4.24.0&Prime; _module_preset=\u00a0\u00bbdefault\u00a0\u00bb global_colors_info=\u00a0\u00bb{}\u00a0\u00bb][\/et_pb_image][\/et_pb_column][\/et_pb_row][et_pb_row _builder_version=\u00a0\u00bb4.24.0&Prime; _module_preset=\u00a0\u00bbdefault\u00a0\u00bb column_structure=\u00a0\u00bb1_2,1_2&Prime;][et_pb_column _builder_version=\u00a0\u00bb4.24.0&Prime; _module_preset=\u00a0\u00bbdefault\u00a0\u00bb type=\u00a0\u00bb1_2&Prime;][et_pb_button button_url=\u00a0\u00bbhttps:\/\/www.editions-harmattan.fr\/index.asp?navig=catalogue&#038;obj=revue&#038;no=963&Prime; button_text=\u00a0\u00bbAcheter  chez l&rsquo;Harmattan\u00a0\u00bb button_alignment=\u00a0\u00bbcenter\u00a0\u00bb _builder_version=\u00a0\u00bb4.24.0&Prime; _module_preset=\u00a0\u00bbdefault\u00a0\u00bb custom_button=\u00a0\u00bbon\u00a0\u00bb button_text_size=\u00a0\u00bb25px\u00a0\u00bb button_text_color=\u00a0\u00bb#FFFFFF\u00a0\u00bb button_bg_color=\u00a0\u00bb#0C71C3&Prime; button_border_radius=\u00a0\u00bb37px\u00a0\u00bb button_font=\u00a0\u00bb|300|||||||\u00a0\u00bb custom_padding=\u00a0\u00bb0px|||||\u00a0\u00bb hover_enabled=\u00a0\u00bb0&Prime; global_colors_info=\u00a0\u00bb{}\u00a0\u00bb theme_builder_area=\u00a0\u00bbpost_content\u00a0\u00bb sticky_enabled=\u00a0\u00bb0&Prime;][\/et_pb_button][\/et_pb_column][et_pb_column _builder_version=\u00a0\u00bb4.24.0&Prime; _module_preset=\u00a0\u00bbdefault\u00a0\u00bb type=\u00a0\u00bb1_2&Prime;][et_pb_button button_url=\u00a0\u00bbhttps:\/\/www.cairn.info\/revue-nouvelle-revue-de-l-enfance-et-de-l-adolescence.htm\u00a0\u00bb button_text=\u00a0\u00bbAcheter sur CAIRN par article\u00a0\u00bb button_alignment=\u00a0\u00bbcenter\u00a0\u00bb _builder_version=\u00a0\u00bb4.24.0&Prime; _module_preset=\u00a0\u00bbdefault\u00a0\u00bb custom_button=\u00a0\u00bbon\u00a0\u00bb button_text_size=\u00a0\u00bb25px\u00a0\u00bb button_text_color=\u00a0\u00bb#FFFFFF\u00a0\u00bb button_bg_color=\u00a0\u00bb#0C71C3&Prime; button_border_radius=\u00a0\u00bb37px\u00a0\u00bb button_font=\u00a0\u00bb|300|||||||\u00a0\u00bb custom_padding=\u00a0\u00bb0px|||||\u00a0\u00bb hover_enabled=\u00a0\u00bb0&Prime; global_colors_info=\u00a0\u00bb{}\u00a0\u00bb theme_builder_area=\u00a0\u00bbpost_content\u00a0\u00bb sticky_enabled=\u00a0\u00bb0&Prime;][\/et_pb_button][\/et_pb_column][\/et_pb_row][et_pb_row _builder_version=\u00a0\u00bb4.24.0&Prime; _module_preset=\u00a0\u00bbdefault\u00a0\u00bb][et_pb_column _builder_version=\u00a0\u00bb4.24.0&Prime; _module_preset=\u00a0\u00bbdefault\u00a0\u00bb type=\u00a0\u00bb4_4&Prime;][et_pb_image src=\u00a0\u00bbhttps:\/\/association-recherche-enfance-adolescence.org\/wp-content\/uploads\/2024\/03\/nrea-abonnement-1.jpg\u00a0\u00bb _builder_version=\u00a0\u00bb4.24.0&Prime; _module_preset=\u00a0\u00bbdefault\u00a0\u00bb title_text=\u00a0\u00bbnrea abonnement\u00a0\u00bb align=\u00a0\u00bbcenter\u00a0\u00bb hover_enabled=\u00a0\u00bb0&Prime; sticky_enabled=\u00a0\u00bb0&Prime;][\/et_pb_image][\/et_pb_column][\/et_pb_row][\/et_pb_section][et_pb_section fb_built=\u00a0\u00bb1&Prime; _builder_version=\u00a0\u00bb4.16&Prime; global_colors_info=\u00a0\u00bb{}\u00a0\u00bb][\/et_pb_section]\n","protected":false},"excerpt":{"rendered":"<p>&nbsp; &nbsp;\u00a0Projet \u00e9ditorial de la Nouvelle Revue de l\u2019enfance et de l\u2019adolescence Questionner la place faite \u00e0 l\u2019enfant et \u00e0 l\u2019adolescent dans le social et ses r\u00e9percussions aupr\u00e8s des jeunes et des familles ainsi que sur les paradigmes d\u2019intervention des professionnels des secteurs de l\u2019\u00e9ducation, de la pr\u00e9vention et de la protection de l\u2019enfance et [&hellip;]<\/p>\n","protected":false},"author":1,"featured_media":0,"parent":0,"menu_order":0,"comment_status":"closed","ping_status":"closed","template":"","meta":{"_et_pb_use_builder":"on","_et_pb_old_content":"Vous pourriez \u00eatre un artiste et vouloir pr\u00e9senter vos travaux et vous m\u00eame ou encore \u00eatre une entreprise avec une mission \u00e0 promouvoir.","_et_gb_content_width":"","footnotes":""},"class_list":["post-9","page","type-page","status-publish","hentry"],"yoast_head":"<!-- This site is optimized with the Yoast SEO plugin v18.2 - https:\/\/yoast.com\/wordpress\/plugins\/seo\/ -->\n<title>Revue NREA - AREA<\/title>\n<meta name=\"description\" content=\"Pr\u00e9sentation de la Nouvelle Revue de l&#039;Enfance et de l&#039;Adolescence\" \/>\n<meta name=\"robots\" content=\"index, follow, max-snippet:-1, max-image-preview:large, max-video-preview:-1\" \/>\n<link rel=\"canonical\" href=\"https:\/\/association-recherche-enfance-adolescence.org\/index.php\/nrea\/\" \/>\n<meta property=\"og:locale\" content=\"fr_FR\" \/>\n<meta property=\"og:type\" content=\"article\" \/>\n<meta property=\"og:title\" content=\"Revue NREA - AREA\" \/>\n<meta property=\"og:description\" content=\"Pr\u00e9sentation de la Nouvelle Revue de l&#039;Enfance et de l&#039;Adolescence\" \/>\n<meta property=\"og:url\" content=\"https:\/\/association-recherche-enfance-adolescence.org\/index.php\/nrea\/\" \/>\n<meta property=\"og:site_name\" content=\"AREA\" \/>\n<meta property=\"article:modified_time\" content=\"2024-04-01T13:58:22+00:00\" \/>\n<meta name=\"twitter:card\" content=\"summary_large_image\" \/>\n<meta name=\"twitter:label1\" content=\"Dur\u00e9e de lecture estim\u00e9e\" \/>\n\t<meta name=\"twitter:data1\" content=\"2 minutes\" \/>\n<script type=\"application\/ld+json\" class=\"yoast-schema-graph\">{\"@context\":\"https:\/\/schema.org\",\"@graph\":[{\"@type\":\"Organization\",\"@id\":\"https:\/\/association-recherche-enfance-adolescence.org\/#organization\",\"name\":\"Association pour la Recherche sur l\u2019Enfance et l\u2019Adolescence\",\"url\":\"https:\/\/association-recherche-enfance-adolescence.org\/\",\"sameAs\":[],\"logo\":{\"@type\":\"ImageObject\",\"@id\":\"https:\/\/association-recherche-enfance-adolescence.org\/#logo\",\"inLanguage\":\"fr-FR\",\"url\":\"https:\/\/association-recherche-enfance-adolescence.org\/wp-content\/uploads\/2022\/03\/logo-area-.png\",\"contentUrl\":\"https:\/\/association-recherche-enfance-adolescence.org\/wp-content\/uploads\/2022\/03\/logo-area-.png\",\"width\":400,\"height\":447,\"caption\":\"Association pour la Recherche sur l\u2019Enfance et l\u2019Adolescence\"},\"image\":{\"@id\":\"https:\/\/association-recherche-enfance-adolescence.org\/#logo\"}},{\"@type\":\"WebSite\",\"@id\":\"https:\/\/association-recherche-enfance-adolescence.org\/#website\",\"url\":\"https:\/\/association-recherche-enfance-adolescence.org\/\",\"name\":\"AREA\",\"description\":\"Association de Recherche sur l&#039;Enfance et l&#039;Adolescence\",\"publisher\":{\"@id\":\"https:\/\/association-recherche-enfance-adolescence.org\/#organization\"},\"potentialAction\":[{\"@type\":\"SearchAction\",\"target\":{\"@type\":\"EntryPoint\",\"urlTemplate\":\"https:\/\/association-recherche-enfance-adolescence.org\/?s={search_term_string}\"},\"query-input\":\"required name=search_term_string\"}],\"inLanguage\":\"fr-FR\"},{\"@type\":\"WebPage\",\"@id\":\"https:\/\/association-recherche-enfance-adolescence.org\/index.php\/nrea\/#webpage\",\"url\":\"https:\/\/association-recherche-enfance-adolescence.org\/index.php\/nrea\/\",\"name\":\"Revue NREA - AREA\",\"isPartOf\":{\"@id\":\"https:\/\/association-recherche-enfance-adolescence.org\/#website\"},\"datePublished\":\"2018-12-16T15:47:16+00:00\",\"dateModified\":\"2024-04-01T13:58:22+00:00\",\"description\":\"Pr\u00e9sentation de la Nouvelle Revue de l'Enfance et de l'Adolescence\",\"breadcrumb\":{\"@id\":\"https:\/\/association-recherche-enfance-adolescence.org\/index.php\/nrea\/#breadcrumb\"},\"inLanguage\":\"fr-FR\",\"potentialAction\":[{\"@type\":\"ReadAction\",\"target\":[\"https:\/\/association-recherche-enfance-adolescence.org\/index.php\/nrea\/\"]}]},{\"@type\":\"BreadcrumbList\",\"@id\":\"https:\/\/association-recherche-enfance-adolescence.org\/index.php\/nrea\/#breadcrumb\",\"itemListElement\":[{\"@type\":\"ListItem\",\"position\":1,\"name\":\"Accueil\",\"item\":\"https:\/\/association-recherche-enfance-adolescence.org\/\"},{\"@type\":\"ListItem\",\"position\":2,\"name\":\"Revue NREA\"}]}]}<\/script>\n<!-- \/ Yoast SEO plugin. -->","yoast_head_json":{"title":"Revue NREA - AREA","description":"Pr\u00e9sentation de la Nouvelle Revue de l'Enfance et de l'Adolescence","robots":{"index":"index","follow":"follow","max-snippet":"max-snippet:-1","max-image-preview":"max-image-preview:large","max-video-preview":"max-video-preview:-1"},"canonical":"https:\/\/association-recherche-enfance-adolescence.org\/index.php\/nrea\/","og_locale":"fr_FR","og_type":"article","og_title":"Revue NREA - AREA","og_description":"Pr\u00e9sentation de la Nouvelle Revue de l'Enfance et de l'Adolescence","og_url":"https:\/\/association-recherche-enfance-adolescence.org\/index.php\/nrea\/","og_site_name":"AREA","article_modified_time":"2024-04-01T13:58:22+00:00","twitter_card":"summary_large_image","twitter_misc":{"Dur\u00e9e de lecture estim\u00e9e":"2 minutes"},"schema":{"@context":"https:\/\/schema.org","@graph":[{"@type":"Organization","@id":"https:\/\/association-recherche-enfance-adolescence.org\/#organization","name":"Association pour la Recherche sur l\u2019Enfance et l\u2019Adolescence","url":"https:\/\/association-recherche-enfance-adolescence.org\/","sameAs":[],"logo":{"@type":"ImageObject","@id":"https:\/\/association-recherche-enfance-adolescence.org\/#logo","inLanguage":"fr-FR","url":"https:\/\/association-recherche-enfance-adolescence.org\/wp-content\/uploads\/2022\/03\/logo-area-.png","contentUrl":"https:\/\/association-recherche-enfance-adolescence.org\/wp-content\/uploads\/2022\/03\/logo-area-.png","width":400,"height":447,"caption":"Association pour la Recherche sur l\u2019Enfance et l\u2019Adolescence"},"image":{"@id":"https:\/\/association-recherche-enfance-adolescence.org\/#logo"}},{"@type":"WebSite","@id":"https:\/\/association-recherche-enfance-adolescence.org\/#website","url":"https:\/\/association-recherche-enfance-adolescence.org\/","name":"AREA","description":"Association de Recherche sur l&#039;Enfance et l&#039;Adolescence","publisher":{"@id":"https:\/\/association-recherche-enfance-adolescence.org\/#organization"},"potentialAction":[{"@type":"SearchAction","target":{"@type":"EntryPoint","urlTemplate":"https:\/\/association-recherche-enfance-adolescence.org\/?s={search_term_string}"},"query-input":"required name=search_term_string"}],"inLanguage":"fr-FR"},{"@type":"WebPage","@id":"https:\/\/association-recherche-enfance-adolescence.org\/index.php\/nrea\/#webpage","url":"https:\/\/association-recherche-enfance-adolescence.org\/index.php\/nrea\/","name":"Revue NREA - AREA","isPartOf":{"@id":"https:\/\/association-recherche-enfance-adolescence.org\/#website"},"datePublished":"2018-12-16T15:47:16+00:00","dateModified":"2024-04-01T13:58:22+00:00","description":"Pr\u00e9sentation de la Nouvelle Revue de l'Enfance et de l'Adolescence","breadcrumb":{"@id":"https:\/\/association-recherche-enfance-adolescence.org\/index.php\/nrea\/#breadcrumb"},"inLanguage":"fr-FR","potentialAction":[{"@type":"ReadAction","target":["https:\/\/association-recherche-enfance-adolescence.org\/index.php\/nrea\/"]}]},{"@type":"BreadcrumbList","@id":"https:\/\/association-recherche-enfance-adolescence.org\/index.php\/nrea\/#breadcrumb","itemListElement":[{"@type":"ListItem","position":1,"name":"Accueil","item":"https:\/\/association-recherche-enfance-adolescence.org\/"},{"@type":"ListItem","position":2,"name":"Revue NREA"}]}]}},"_links":{"self":[{"href":"https:\/\/association-recherche-enfance-adolescence.org\/index.php\/wp-json\/wp\/v2\/pages\/9","targetHints":{"allow":["GET"]}}],"collection":[{"href":"https:\/\/association-recherche-enfance-adolescence.org\/index.php\/wp-json\/wp\/v2\/pages"}],"about":[{"href":"https:\/\/association-recherche-enfance-adolescence.org\/index.php\/wp-json\/wp\/v2\/types\/page"}],"author":[{"embeddable":true,"href":"https:\/\/association-recherche-enfance-adolescence.org\/index.php\/wp-json\/wp\/v2\/users\/1"}],"replies":[{"embeddable":true,"href":"https:\/\/association-recherche-enfance-adolescence.org\/index.php\/wp-json\/wp\/v2\/comments?post=9"}],"version-history":[{"count":114,"href":"https:\/\/association-recherche-enfance-adolescence.org\/index.php\/wp-json\/wp\/v2\/pages\/9\/revisions"}],"predecessor-version":[{"id":1116,"href":"https:\/\/association-recherche-enfance-adolescence.org\/index.php\/wp-json\/wp\/v2\/pages\/9\/revisions\/1116"}],"wp:attachment":[{"href":"https:\/\/association-recherche-enfance-adolescence.org\/index.php\/wp-json\/wp\/v2\/media?parent=9"}],"curies":[{"name":"wp","href":"https:\/\/api.w.org\/{rel}","templated":true}]}}